{"id":22,"date":"2021-04-06T13:10:46","date_gmt":"2021-04-06T13:10:46","guid":{"rendered":"https:\/\/sv-stargarder.de\/?page_id=22"},"modified":"2021-08-05T07:42:40","modified_gmt":"2021-08-05T07:42:40","slug":"unser-sv","status":"publish","type":"page","link":"https:\/\/sv-stargarder.de\/?page_id=22","title":{"rendered":"Unser SV"},"content":{"rendered":"\n<p>In unserem SV haben sich \u00fcber 100 interessierte Z\u00fcchterinnen und Z\u00fcchter der Stargarder Zitterh\u00e4lse, Pommerschen Schaukappen und Ostpreu\u00dfischen Werfer zusammengefunden.<\/p>\n\n\n\n<p>Unser gemeinsames Ziel ist es, die uns anvertrauten T\u00fcmmlerrassen zu erhalten, zu f\u00f6rdern und z\u00fcchterisch zu verbessern. Bei diesen Bestrebungen legen wir h\u00f6chsten Wert auf Leistungsf\u00e4higkeit und Vitalit\u00e4t unserer Tiere. Die Beachtung und Einhaltung tierschutzrelevanter Gesichtspunkte ist f\u00fcr uns dabei selbstverst\u00e4ndlich.<\/p>\n\n\n\n<p>Wir veranstalten j\u00e4hrlich einmal eine Hauptsonderschau. Sie &#8222;wandert&#8220; quer durch die Bundesrepublik und so treffen wir uns jedes Mal an einem anderen Ort, um unsere drei Rassen der interessierten Z\u00fcchterwelt zu pr\u00e4sentieren. Zus\u00e4tzlich f\u00fchren wir Sonderschauen durch, die an Bundes- oder Landesschauen angeschlossen werden.<\/p>\n\n\n\n<p>Im Fr\u00fchsommer eines jeden Jahres treffen sich unsere Mitglieder zur Sommertagung. Auch die findet an immer wechselnden Orten in allen Teilen Deutschlands statt. Herzst\u00fcck dieser Tagung ist die Jahreshauptversammlung am Sonntag. Neben der Abhandlung der f\u00fcr solche Veranstaltungen \u00fcblichen Tagesordnung stehen Tierbesprechungen und der Austausch \u00fcber aktuelle Fragen zum Zuchtstand und zur Bewertung unserer Tauben auf dem Programm. Auch die Geselligkeit kommt nicht zu kurz. Ein umfangreiches Programm mit gemeinsamen Fahrten, Besichtigungen oder Wanderungen und ein abschlie\u00dfender Z\u00fcchterabend warten auf die Teilnehmer.<\/p>\n\n\n\n<p>F\u00fcr z\u00fcchterische Belange, W\u00fcnsche und Sorgen stehen pro Rasse ein Zuchtwart, sowie ein Gesamtzuchtwart zur Ansprechpartner zur Verf\u00fcgung. In deren Aufgabengebiet fallen auch die Standardfragen der Rassen.<\/p>\n\n\n\n<p>Auch au\u00dferhalb des Sondervereines treffen sich unsere Z\u00fcchter zu regem Austausch des Zuchtstandes der Tauben, aber auch um die freundschaftliche Beziehung untereinander zu pflegen und zu erhalten.<\/p>\n\n\n\n<p>Sollten Sie noch nicht in unsere &#8222;gro\u00dfe Familie&#8220; des Sondervereines geh\u00f6ren, lieben aber wie wir unsere Rassen, so stehen Sie nicht l\u00e4nger Abseits, sondern werden Sie auch Mitglied in unserem Sonderverein der Z\u00fcchter der Stargarder Zitterh\u00e4lse, Pommerschen Schaukappen und Ostpreu\u00dfischen Werfer.<\/p>\n\n\n\n<p>Wir hei\u00dfen Sie herzlich Willkommen und freuen uns schon auf Sie!<\/p>\n\n\n\n<figure class=\"wp-block-image size-large\"><img loading=\"lazy\" decoding=\"async\" width=\"1024\" height=\"472\" src=\"https:\/\/sv-stargarder.de\/wp-content\/uploads\/2021\/04\/ST_2020-1024x472.jpg\" alt=\"\" class=\"wp-image-126\" srcset=\"https:\/\/sv-stargarder.de\/wp-content\/uploads\/2021\/04\/ST_2020-1024x472.jpg 1024w, https:\/\/sv-stargarder.de\/wp-content\/uploads\/2021\/04\/ST_2020-300x138.jpg 300w, https:\/\/sv-stargarder.de\/wp-content\/uploads\/2021\/04\/ST_2020-768x354.jpg 768w, https:\/\/sv-stargarder.de\/wp-content\/uploads\/2021\/04\/ST_2020-1536x708.jpg 1536w, https:\/\/sv-stargarder.de\/wp-content\/uploads\/2021\/04\/ST_2020.jpg 1600w\" sizes=\"auto, (max-width: 1024px) 100vw, 1024px\" \/><figcaption>Gruppenbild Sommertagung 2020 in Ostwestfalen (Corona Konform)<\/figcaption><\/figure>\n\n\n\n<p class=\"has-text-align-center\"> <\/p>\n\n\n\n<p><\/p>\n\n\n<div class=\"pt-cv-wrapper\"><div class=\"pt-cv-view pt-cv-grid pt-cv-colsys\" id=\"pt-cv-view-5cf6c88lth\"><div data-id=\"pt-cv-page-1\" class=\"pt-cv-page\" data-cvc=\"2\"><div class=\"col-md-6 col-sm-6 col-xs-12 pt-cv-content-item pt-cv-1-col\" ><div class='pt-cv-ifield'><a href=\"https:\/\/sv-stargarder.de\/?p=907\" class=\"_self pt-cv-href-thumbnail pt-cv-thumb-default\" target=\"_self\" ><img loading=\"lazy\" decoding=\"async\" width=\"300\" height=\"225\" src=\"https:\/\/sv-stargarder.de\/wp-content\/uploads\/2025\/10\/Bilder-001-300x225.jpg\" class=\"pt-cv-thumbnail\" alt=\"\" srcset=\"https:\/\/sv-stargarder.de\/wp-content\/uploads\/2025\/10\/Bilder-001-300x225.jpg 300w, https:\/\/sv-stargarder.de\/wp-content\/uploads\/2025\/10\/Bilder-001-1024x768.jpg 1024w, https:\/\/sv-stargarder.de\/wp-content\/uploads\/2025\/10\/Bilder-001-768x576.jpg 768w, https:\/\/sv-stargarder.de\/wp-content\/uploads\/2025\/10\/Bilder-001-1536x1152.jpg 1536w, https:\/\/sv-stargarder.de\/wp-content\/uploads\/2025\/10\/Bilder-001.jpg 2048w\" sizes=\"auto, (max-width: 300px) 100vw, 300px\" \/><\/a>\n<h4 class=\"pt-cv-title\"><a href=\"https:\/\/sv-stargarder.de\/?p=907\" class=\"_self\" target=\"_self\" >In Gedenken an Joachim Sell<\/a><\/h4>\n<div class=\"pt-cv-content\">Sein Bruder Axel Sell hat uns letzte Woche dar\u00fcber informiert, dass sein Bruder Joachim Sell nach einem kurzen Krankenhausaufenthalt im ...<br \/><div class=\"pt-cv-rmwrap\"><a href=\"https:\/\/sv-stargarder.de\/?p=907\" class=\"_self pt-cv-readmore btn btn-success\" target=\"_self\">Weiterlesen \u2026<\/a><\/div><\/div><\/div><\/div>\n<div class=\"col-md-6 col-sm-6 col-xs-12 pt-cv-content-item pt-cv-1-col\" ><div class='pt-cv-ifield'><a href=\"https:\/\/sv-stargarder.de\/?p=904\" class=\"_self pt-cv-href-thumbnail pt-cv-thumb-default\" target=\"_self\" ><img loading=\"lazy\" decoding=\"async\" width=\"300\" height=\"300\" src=\"https:\/\/sv-stargarder.de\/wp-content\/uploads\/2021\/04\/cropped-Emblem_Jub-300x300.jpg\" class=\"pt-cv-thumbnail\" alt=\"\" srcset=\"https:\/\/sv-stargarder.de\/wp-content\/uploads\/2021\/04\/cropped-Emblem_Jub-300x300.jpg 300w, https:\/\/sv-stargarder.de\/wp-content\/uploads\/2021\/04\/cropped-Emblem_Jub-150x150.jpg 150w, https:\/\/sv-stargarder.de\/wp-content\/uploads\/2021\/04\/cropped-Emblem_Jub-270x270.jpg 270w, https:\/\/sv-stargarder.de\/wp-content\/uploads\/2021\/04\/cropped-Emblem_Jub-192x192.jpg 192w, https:\/\/sv-stargarder.de\/wp-content\/uploads\/2021\/04\/cropped-Emblem_Jub-180x180.jpg 180w, https:\/\/sv-stargarder.de\/wp-content\/uploads\/2021\/04\/cropped-Emblem_Jub-32x32.jpg 32w, https:\/\/sv-stargarder.de\/wp-content\/uploads\/2021\/04\/cropped-Emblem_Jub.jpg 512w\" sizes=\"auto, (max-width: 300px) 100vw, 300px\" \/><\/a>\n<h4 class=\"pt-cv-title\"><a href=\"https:\/\/sv-stargarder.de\/?p=904\" class=\"_self\" target=\"_self\" >Hauptsonderschau und Jahreshauptversammlung<\/a><\/h4>\n<div class=\"pt-cv-content\">Auf folgenden Seiten sind alle Informationen zur Hauptsonderschau in Creuzburg und der Jahreshauptversammlung Hauptsonderschau Jahreshauptversammlung Alle Unterlagen wurden den Vereinsmitgliedern ...<br \/><div class=\"pt-cv-rmwrap\"><a href=\"https:\/\/sv-stargarder.de\/?p=904\" class=\"_self pt-cv-readmore btn btn-success\" target=\"_self\">Weiterlesen \u2026<\/a><\/div><\/div><\/div><\/div>\n<div class=\"col-md-6 col-sm-6 col-xs-12 pt-cv-content-item pt-cv-1-col\" ><div class='pt-cv-ifield'><a href=\"https:\/\/sv-stargarder.de\/?p=893\" class=\"_self pt-cv-href-thumbnail pt-cv-thumb-default\" target=\"_self\" ><img loading=\"lazy\" decoding=\"async\" width=\"300\" height=\"225\" src=\"https:\/\/sv-stargarder.de\/wp-content\/uploads\/2025\/10\/Bilder-001-300x225.jpg\" class=\"pt-cv-thumbnail\" alt=\"\" srcset=\"https:\/\/sv-stargarder.de\/wp-content\/uploads\/2025\/10\/Bilder-001-300x225.jpg 300w, https:\/\/sv-stargarder.de\/wp-content\/uploads\/2025\/10\/Bilder-001-1024x768.jpg 1024w, https:\/\/sv-stargarder.de\/wp-content\/uploads\/2025\/10\/Bilder-001-768x576.jpg 768w, https:\/\/sv-stargarder.de\/wp-content\/uploads\/2025\/10\/Bilder-001-1536x1152.jpg 1536w, https:\/\/sv-stargarder.de\/wp-content\/uploads\/2025\/10\/Bilder-001.jpg 2048w\" sizes=\"auto, (max-width: 300px) 100vw, 300px\" \/><\/a>\n<h4 class=\"pt-cv-title\"><a href=\"https:\/\/sv-stargarder.de\/?p=893\" class=\"_self\" target=\"_self\" >In Gedenken an Willi L\u00f6sch<\/a><\/h4>\n<div class=\"pt-cv-content\">Uns erreichte die traurige Nachricht, dass Willi L\u00f6sch nach kurzer Krankheit im Alter von 86 Jahren in den Morgenstunden des ...<br \/><div class=\"pt-cv-rmwrap\"><a href=\"https:\/\/sv-stargarder.de\/?p=893\" class=\"_self pt-cv-readmore btn btn-success\" target=\"_self\">Weiterlesen \u2026<\/a><\/div><\/div><\/div><\/div>\n<div class=\"col-md-6 col-sm-6 col-xs-12 pt-cv-content-item pt-cv-1-col\" ><div class='pt-cv-ifield'><a href=\"https:\/\/sv-stargarder.de\/?p=839\" class=\"_self pt-cv-href-thumbnail pt-cv-thumb-default\" target=\"_self\" ><img loading=\"lazy\" decoding=\"async\" width=\"225\" height=\"300\" src=\"https:\/\/sv-stargarder.de\/wp-content\/uploads\/2025\/01\/7428a82e-e86c-49ca-86b0-cfe91577a5fb-225x300.jpg\" class=\"pt-cv-thumbnail\" alt=\"\" srcset=\"https:\/\/sv-stargarder.de\/wp-content\/uploads\/2025\/01\/7428a82e-e86c-49ca-86b0-cfe91577a5fb-225x300.jpg 225w, https:\/\/sv-stargarder.de\/wp-content\/uploads\/2025\/01\/7428a82e-e86c-49ca-86b0-cfe91577a5fb-768x1024.jpg 768w, https:\/\/sv-stargarder.de\/wp-content\/uploads\/2025\/01\/7428a82e-e86c-49ca-86b0-cfe91577a5fb-1152x1536.jpg 1152w, https:\/\/sv-stargarder.de\/wp-content\/uploads\/2025\/01\/7428a82e-e86c-49ca-86b0-cfe91577a5fb.jpg 1200w\" sizes=\"auto, (max-width: 225px) 100vw, 225px\" \/><\/a>\n<h4 class=\"pt-cv-title\"><a href=\"https:\/\/sv-stargarder.de\/?p=839\" class=\"_self\" target=\"_self\" >Aus dem Stargarder Zitterhals wird der Stargarder T\u00fcmmler<\/a><\/h4>\n<div class=\"pt-cv-content\">Immer wieder wird unser Stargarder anhand seines Namens vorverurteilt, ohne sich mit der Rasse einmal zu besch\u00e4ftigen oder diese sich ...<br \/><div class=\"pt-cv-rmwrap\"><a href=\"https:\/\/sv-stargarder.de\/?p=839\" class=\"_self pt-cv-readmore btn btn-success\" target=\"_self\">Weiterlesen \u2026<\/a><\/div><\/div><\/div><\/div>\n<div class=\"col-md-6 col-sm-6 col-xs-12 pt-cv-content-item pt-cv-1-col\" ><div class='pt-cv-ifield'><a href=\"https:\/\/sv-stargarder.de\/?p=814\" class=\"_self pt-cv-href-thumbnail pt-cv-thumb-default\" target=\"_self\" ><img loading=\"lazy\" decoding=\"async\" width=\"300\" height=\"224\" src=\"https:\/\/sv-stargarder.de\/wp-content\/uploads\/2025\/01\/IMG_2685-300x224.jpg\" class=\"pt-cv-thumbnail\" alt=\"\" srcset=\"https:\/\/sv-stargarder.de\/wp-content\/uploads\/2025\/01\/IMG_2685-300x224.jpg 300w, https:\/\/sv-stargarder.de\/wp-content\/uploads\/2025\/01\/IMG_2685-1024x765.jpg 1024w, https:\/\/sv-stargarder.de\/wp-content\/uploads\/2025\/01\/IMG_2685-768x574.jpg 768w, https:\/\/sv-stargarder.de\/wp-content\/uploads\/2025\/01\/IMG_2685.jpg 1536w\" sizes=\"auto, (max-width: 300px) 100vw, 300px\" \/><\/a>\n<h4 class=\"pt-cv-title\"><a href=\"https:\/\/sv-stargarder.de\/?p=814\" class=\"_self\" target=\"_self\" >Deutsche Rassetaubenschau in Erfurt<\/a><\/h4>\n<div class=\"pt-cv-content\">Am vergangenen Wochenende (10. bis 12.Januar 2025) fand in Erfurt die 73.Deutsche Rassetaubenschau statt. Mehr als 17.000 Rassetauben wurden in ...<br \/><div class=\"pt-cv-rmwrap\"><a href=\"https:\/\/sv-stargarder.de\/?p=814\" class=\"_self pt-cv-readmore btn btn-success\" target=\"_self\">Weiterlesen \u2026<\/a><\/div><\/div><\/div><\/div>\n<div class=\"col-md-6 col-sm-6 col-xs-12 pt-cv-content-item pt-cv-1-col\" ><div class='pt-cv-ifield'><a href=\"https:\/\/sv-stargarder.de\/?p=780\" class=\"_self pt-cv-href-thumbnail pt-cv-thumb-default\" target=\"_self\" ><img loading=\"lazy\" decoding=\"async\" width=\"163\" height=\"225\" src=\"https:\/\/sv-stargarder.de\/wp-content\/uploads\/2021\/04\/Hahn.jpg\" class=\"pt-cv-thumbnail\" alt=\"\" \/><\/a>\n<h4 class=\"pt-cv-title\"><a href=\"https:\/\/sv-stargarder.de\/?p=780\" class=\"_self\" target=\"_self\" >In Gedenken an Gerhard Hahn<\/a><\/h4>\n<div class=\"pt-cv-content\">Uns erreichte die traurige Nachricht dass unser langj\u00e4hriges Ehrenmitglied Gerhard Hahn kurz vor seinem 85.Geburtstag am 10.Juli 2024 verstorben ist ...<br \/><div class=\"pt-cv-rmwrap\"><a href=\"https:\/\/sv-stargarder.de\/?p=780\" class=\"_self pt-cv-readmore btn btn-success\" target=\"_self\">Weiterlesen \u2026<\/a><\/div><\/div><\/div><\/div>\n<div class=\"col-md-6 col-sm-6 col-xs-12 pt-cv-content-item pt-cv-1-col\" ><div class='pt-cv-ifield'><a href=\"https:\/\/sv-stargarder.de\/?p=758\" class=\"_self pt-cv-href-thumbnail pt-cv-thumb-default\" target=\"_self\" ><img loading=\"lazy\" decoding=\"async\" width=\"300\" height=\"300\" src=\"https:\/\/sv-stargarder.de\/wp-content\/uploads\/2021\/04\/cropped-Emblem_Jub-300x300.jpg\" class=\"pt-cv-thumbnail\" alt=\"\" srcset=\"https:\/\/sv-stargarder.de\/wp-content\/uploads\/2021\/04\/cropped-Emblem_Jub-300x300.jpg 300w, https:\/\/sv-stargarder.de\/wp-content\/uploads\/2021\/04\/cropped-Emblem_Jub-150x150.jpg 150w, https:\/\/sv-stargarder.de\/wp-content\/uploads\/2021\/04\/cropped-Emblem_Jub-270x270.jpg 270w, https:\/\/sv-stargarder.de\/wp-content\/uploads\/2021\/04\/cropped-Emblem_Jub-192x192.jpg 192w, https:\/\/sv-stargarder.de\/wp-content\/uploads\/2021\/04\/cropped-Emblem_Jub-180x180.jpg 180w, https:\/\/sv-stargarder.de\/wp-content\/uploads\/2021\/04\/cropped-Emblem_Jub-32x32.jpg 32w, https:\/\/sv-stargarder.de\/wp-content\/uploads\/2021\/04\/cropped-Emblem_Jub.jpg 512w\" sizes=\"auto, (max-width: 300px) 100vw, 300px\" \/><\/a>\n<h4 class=\"pt-cv-title\"><a href=\"https:\/\/sv-stargarder.de\/?p=758\" class=\"_self\" target=\"_self\" >Rundschreiben 2024<\/a><\/h4>\n<div class=\"pt-cv-content\">Das Rundschreiben f\u00fcr das Jahr 2024 ist fertig erstellt und im Versand! Inhalt: Einladung und Informationen zur Sommertagung am 9 ...<br \/><div class=\"pt-cv-rmwrap\"><a href=\"https:\/\/sv-stargarder.de\/?p=758\" class=\"_self pt-cv-readmore btn btn-success\" target=\"_self\">Weiterlesen \u2026<\/a><\/div><\/div><\/div><\/div>\n<div class=\"col-md-6 col-sm-6 col-xs-12 pt-cv-content-item pt-cv-1-col\" ><div class='pt-cv-ifield'><a href=\"https:\/\/sv-stargarder.de\/?p=717\" class=\"_self pt-cv-href-thumbnail pt-cv-thumb-default\" target=\"_self\" ><img loading=\"lazy\" decoding=\"async\" width=\"300\" height=\"225\" src=\"https:\/\/sv-stargarder.de\/wp-content\/uploads\/2023\/12\/IMG_0472-300x225.jpeg\" class=\"pt-cv-thumbnail\" alt=\"\" srcset=\"https:\/\/sv-stargarder.de\/wp-content\/uploads\/2023\/12\/IMG_0472-300x225.jpeg 300w, https:\/\/sv-stargarder.de\/wp-content\/uploads\/2023\/12\/IMG_0472-1024x768.jpeg 1024w, https:\/\/sv-stargarder.de\/wp-content\/uploads\/2023\/12\/IMG_0472-768x576.jpeg 768w, https:\/\/sv-stargarder.de\/wp-content\/uploads\/2023\/12\/IMG_0472-1536x1152.jpeg 1536w, https:\/\/sv-stargarder.de\/wp-content\/uploads\/2023\/12\/IMG_0472.jpeg 2048w\" sizes=\"auto, (max-width: 300px) 100vw, 300px\" \/><\/a>\n<h4 class=\"pt-cv-title\"><a href=\"https:\/\/sv-stargarder.de\/?p=717\" class=\"_self\" target=\"_self\" >VDT Schau in Leipzig ist Geschichte<\/a><\/h4>\n<div class=\"pt-cv-content\">Ein erfolgreiche VDT Schau in Leipzig liegt hinter uns. Unser Sonderverein war nach langer Zeit mit allen 3 Rassen vertreten ...<br \/><div class=\"pt-cv-rmwrap\"><a href=\"https:\/\/sv-stargarder.de\/?p=717\" class=\"_self pt-cv-readmore btn btn-success\" target=\"_self\">Weiterlesen \u2026<\/a><\/div><\/div><\/div><\/div>\n<div class=\"col-md-6 col-sm-6 col-xs-12 pt-cv-content-item pt-cv-1-col\" ><div class='pt-cv-ifield'><a href=\"https:\/\/sv-stargarder.de\/?p=710\" class=\"_self pt-cv-href-thumbnail pt-cv-thumb-default\" target=\"_self\" ><img loading=\"lazy\" decoding=\"async\" width=\"300\" height=\"280\" src=\"https:\/\/sv-stargarder.de\/wp-content\/uploads\/2021\/04\/Emblem_Jub-300x280.jpg\" class=\"pt-cv-thumbnail\" alt=\"\" srcset=\"https:\/\/sv-stargarder.de\/wp-content\/uploads\/2021\/04\/Emblem_Jub-300x280.jpg 300w, https:\/\/sv-stargarder.de\/wp-content\/uploads\/2021\/04\/Emblem_Jub.jpg 488w\" sizes=\"auto, (max-width: 300px) 100vw, 300px\" \/><\/a>\n<h4 class=\"pt-cv-title\"><a href=\"https:\/\/sv-stargarder.de\/?p=710\" class=\"_self\" target=\"_self\" >Meldeergebnis Leipzig und Erfurt<\/a><\/h4>\n<div class=\"pt-cv-content\">Wir k\u00f6nnen uns \u00fcber gute Meldeergebnisse freuen! Leipzig - VDT Schau 125 Stargarder Zitterh\u00e4lse 22 Ostpreu\u00dfische Werfer 29 Pommersche Schaukappen ...<br \/><div class=\"pt-cv-rmwrap\"><a href=\"https:\/\/sv-stargarder.de\/?p=710\" class=\"_self pt-cv-readmore btn btn-success\" target=\"_self\">Weiterlesen \u2026<\/a><\/div><\/div><\/div><\/div>\n<div class=\"col-md-6 col-sm-6 col-xs-12 pt-cv-content-item pt-cv-1-col\" ><div class='pt-cv-ifield'><a href=\"https:\/\/sv-stargarder.de\/?p=703\" class=\"_self pt-cv-href-thumbnail pt-cv-thumb-default\" target=\"_self\" ><img loading=\"lazy\" decoding=\"async\" width=\"188\" height=\"247\" src=\"https:\/\/sv-stargarder.de\/wp-content\/uploads\/2021\/04\/Kuhr.jpg\" class=\"pt-cv-thumbnail\" alt=\"\" \/><\/a>\n<h4 class=\"pt-cv-title\"><a href=\"https:\/\/sv-stargarder.de\/?p=703\" class=\"_self\" target=\"_self\" >In Gedenken an Manfred Kuhr<\/a><\/h4>\n<div class=\"pt-cv-content\">Uns erreichte die traurige Nachricht dass unser langj\u00e4hriges Ehrenmitglied Manfred Kuhr im Alter von 81 Jahren am 3.Oktober 2023 verstorben ...<br \/><div class=\"pt-cv-rmwrap\"><a href=\"https:\/\/sv-stargarder.de\/?p=703\" class=\"_self pt-cv-readmore btn btn-success\" target=\"_self\">Weiterlesen \u2026<\/a><\/div><\/div><\/div><\/div><\/div><\/div><\/div>\n","protected":false},"excerpt":{"rendered":"<p>In unserem SV haben sich \u00fcber 100 interessierte Z\u00fcchterinnen und Z\u00fcchter der Stargarder Zitterh\u00e4lse, Pommerschen Schaukappen und Ostpreu\u00dfischen Werfer zusammengefunden. [&hellip;]<\/p>\n","protected":false},"author":1,"featured_media":0,"parent":0,"menu_order":0,"comment_status":"closed","ping_status":"closed","template":"","meta":{"cybocfi_hide_featured_image":"","footnotes":""},"class_list":["post-22","page","type-page","status-publish","hentry"],"_links":{"self":[{"href":"https:\/\/sv-stargarder.de\/index.php?rest_route=\/wp\/v2\/pages\/22","targetHints":{"allow":["GET"]}}],"collection":[{"href":"https:\/\/sv-stargarder.de\/index.php?rest_route=\/wp\/v2\/pages"}],"about":[{"href":"https:\/\/sv-stargarder.de\/index.php?rest_route=\/wp\/v2\/types\/page"}],"author":[{"embeddable":true,"href":"https:\/\/sv-stargarder.de\/index.php?rest_route=\/wp\/v2\/users\/1"}],"replies":[{"embeddable":true,"href":"https:\/\/sv-stargarder.de\/index.php?rest_route=%2Fwp%2Fv2%2Fcomments&post=22"}],"version-history":[{"count":4,"href":"https:\/\/sv-stargarder.de\/index.php?rest_route=\/wp\/v2\/pages\/22\/revisions"}],"predecessor-version":[{"id":442,"href":"https:\/\/sv-stargarder.de\/index.php?rest_route=\/wp\/v2\/pages\/22\/revisions\/442"}],"wp:attachment":[{"href":"https:\/\/sv-stargarder.de\/index.php?rest_route=%2Fwp%2Fv2%2Fmedia&parent=22"}],"curies":[{"name":"wp","href":"https:\/\/api.w.org\/{rel}","templated":true}]}}